{"id":68,"date":"2025-04-21T12:30:16","date_gmt":"2025-04-21T10:30:16","guid":{"rendered":"http:\/\/rjlabtm.cluster021.hosting.ovh.net\/?page_id=68"},"modified":"2025-06-10T10:44:42","modified_gmt":"2025-06-10T08:44:42","slug":"mentions-legales","status":"publish","type":"page","link":"https:\/\/equilibreetharmonie.fr\/index.php\/mentions-legales\/","title":{"rendered":"Mentions l\u00e9gales"},"content":{"rendered":"\n<p>Conform\u00e9ment aux dispositions des Articles\u00a06-III et 19 de la Loi n\u00b0\u00a02004-575 du 21\u00a0juin 2004 pour la Confiance dans l\u2019\u00e9conomie num\u00e9rique, dite L.C.E.N., il est port\u00e9 \u00e0 la connaissance des utilisateurs et visiteurs, ci-apr\u00e8s \u00ab\u00a0l\u2019<strong>Utilisateur<\/strong>\u00a0\u00bb, du site https:\/\/equilibreetharmonie.fr, ci-apr\u00e8s le \u00ab\u00a0<strong>Site<\/strong>\u00a0\u00bb, les pr\u00e9sentes mentions l\u00e9gales.<\/p>\n\n\n\n<p>La connexion et la navigation sur le Site par l\u2019Utilisateur impliquent acceptation int\u00e9grale et sans r\u00e9serve des pr\u00e9sentes mentions l\u00e9gales.<\/p>\n\n\n\n<h2 class=\"wp-block-heading\">Article 1 \u2013 L\u2019\u00c9diteur<\/h2>\n\n\n\n<p>L\u2019\u00e9dition et la direction de la publication du Site sont assur\u00e9es par&nbsp;:<\/p>\n\n\n\n<p>Fr\u00e9d\u00e9rique Decorbez (nom commercial\u00a0: Equilibre &amp; Harmonie), ci-apr\u00e8s \u00ab\u00a0<strong>l\u2019\u00c9diteur<\/strong>\u00a0\u00bb<\/p>\n\n\n\n<p>N\u00b0 SIRET\u00a0: 943 019 117 00010,<\/p>\n\n\n\n<p>Domicili\u00e9e 10 rue Germaine Tillon 26130 Saint-Paul-Trois-Ch\u00e2teaux, dont l\u2019adresse mail de contact est\u00a0:\u00a0contact@equilibreetharmonie.fr.<\/p>\n\n\n\n<h2 class=\"wp-block-heading\">Article&nbsp;2 \u2013 L\u2019H\u00e9bergeur<\/h2>\n\n\n\n<p>L\u2019h\u00e9bergeur du Site est&nbsp;:<\/p>\n\n\n\n<p>OVH, SAS au capital de 10&nbsp;174&nbsp;560&nbsp;\u20ac<br>Si\u00e8ge social&nbsp;: 2 rue Kellermann \u2013 59100 Roubaix \u2013 France<br>RCS Lille M\u00e9tropole&nbsp;424 761 419 00045<br>Code APE&nbsp;2620Z<br>N\u00b0 TVA&nbsp;: FR&nbsp;22&nbsp;424&nbsp;761&nbsp;419<\/p>\n\n\n\n<h2 class=\"wp-block-heading\">Article 3 \u2013 Acc\u00e8s au site<\/h2>\n\n\n\n<p>Le Site est accessible en tout endroit, \u00e0 tout moment, sauf cas de force majeure, interruption programm\u00e9e ou non et pouvant d\u00e9couler d\u2019une n\u00e9cessit\u00e9 de maintenance.<\/p>\n\n\n\n<p>En cas de modification, interruption ou suspension du Site, l\u2019\u00c9diteur ne saurait \u00eatre tenu responsable.<\/p>\n\n\n\n<h2 class=\"wp-block-heading\">Article 4 \u2013 Propri\u00e9t\u00e9 intellectuelle<\/h2>\n\n\n\n<p>Tout le contenu du pr\u00e9sent site, incluant, de fa\u00e7on non limitative, les graphismes, images, textes, vid\u00e9os, animations, logos ainsi que leur mise en forme sont la propri\u00e9t\u00e9 exclusive de Fr\u00e9d\u00e9rique Decorbez \u00e0 l\u2019exception des marques, logos ou contenus appartenant \u00e0 d\u2019autres soci\u00e9t\u00e9s ou auteurs ou banques d\u2019images libres de droits.<\/p>\n\n\n\n<p>Toute reproduction, distribution, modification, adaptation, retransmission ou publication, m\u00eame partielle, de ces diff\u00e9rents \u00e9l\u00e9ments est strictement interdite sans l\u2019accord expr\u00e8s par \u00e9crit de Fr\u00e9d\u00e9rique Decorbez. Cette repr\u00e9sentation ou reproduction, par quelque proc\u00e9d\u00e9 que ce soit, constitue une contrefa\u00e7on sanctionn\u00e9e par les articles\u00a0L.335-2 et suivants du Code de la propri\u00e9t\u00e9 intellectuelle. Le non-respect de cette interdiction constitue une contrefa\u00e7on pouvant engager la responsabilit\u00e9 civile et p\u00e9nale du contrefacteur. En outre, les propri\u00e9taires des Contenus copi\u00e9s pourraient intenter une action en justice \u00e0 votre encontre.<\/p>\n\n\n\n<h2 class=\"wp-block-heading\">Article 5 \u2013 Limitation contractuelle sur les donn\u00e9es<\/h2>\n\n\n\n<p>Les informations contenues sur ce site sont aussi pr\u00e9cises que possible et le site remis \u00e0 jour \u00e0 diff\u00e9rentes p\u00e9riodes de l\u2019ann\u00e9e, mais peut toutefois contenir des inexactitudes ou des omissions.<\/p>\n\n\n\n<p>Si vous constatez une lacune, erreur ou ce qui parait \u00eatre un dysfonctionnement, merci de bien vouloir le signaler par courriel, \u00e0 l\u2019adresse contact@equilibreetharmonie.fr, en d\u00e9crivant le probl\u00e8me de la mani\u00e8re la plus pr\u00e9cise possible (page posant probl\u00e8me, type d\u2019ordinateur et de navigateur utilis\u00e9, etc.).<\/p>\n\n\n\n<p>Tout contenu t\u00e9l\u00e9charg\u00e9 se fait aux risques et p\u00e9rils de l\u2019Utilisateur et sous sa seule responsabilit\u00e9. En cons\u00e9quence, Fr\u00e9d\u00e9rique Decorbez ne saurait \u00eatre tenu responsable d\u2019un quelconque dommage subi par l\u2019ordinateur de l\u2019utilisateur ou d\u2019une quelconque perte de donn\u00e9es cons\u00e9cutives au t\u00e9l\u00e9chargement.<\/p>\n\n\n\n<p>De plus, l\u2019utilisateur du site s\u2019engage \u00e0 acc\u00e9der au site en utilisant un mat\u00e9riel r\u00e9cent, ne contenant pas de virus et avec un navigateur de derni\u00e8re g\u00e9n\u00e9ration mis \u00e0 jour.<\/p>\n\n\n\n<p>Les liens hypertextes mis en place dans le cadre du pr\u00e9sent site internet en direction d\u2019autres ressources pr\u00e9sentes sur le r\u00e9seau Internet ne sauraient engager la responsabilit\u00e9 de Fr\u00e9d\u00e9rique Decorbez.<\/p>\n\n\n\n<p>Derni\u00e8re mise \u00e0 jour\u00a0: le 10\/06\/2025<\/p>\n","protected":false},"excerpt":{"rendered":"<p>Conform\u00e9ment aux dispositions des Articles\u00a06-III et 19 de la Loi n\u00b0\u00a02004-575 du 21\u00a0juin 2004 pour la Confiance dans l\u2019\u00e9conomie num\u00e9rique, dite L.C.E.N., il est port\u00e9 \u00e0 la connaissance des utilisateurs et visiteurs, ci-apr\u00e8s \u00ab\u00a0l\u2019Utilisateur\u00a0\u00bb, du site https:\/\/equilibreetharmonie.fr, ci-apr\u00e8s le \u00ab\u00a0Site\u00a0\u00bb, les pr\u00e9sentes mentions l\u00e9gales. La connexion et la navigation sur le Site par l\u2019Utilisateur impliquent&#8230;<\/p>\n","protected":false},"author":1,"featured_media":0,"parent":0,"menu_order":0,"comment_status":"closed","ping_status":"closed","template":"","meta":{"_kad_post_transparent":"","_kad_post_title":"","_kad_post_layout":"","_kad_post_sidebar_id":"","_kad_post_content_style":"","_kad_post_vertical_padding":"","_kad_post_feature":"","_kad_post_feature_position":"","_kad_post_header":false,"_kad_post_footer":false,"footnotes":""},"class_list":["post-68","page","type-page","status-publish","hentry"],"yoast_head":"<!-- This site is optimized with the Yoast SEO plugin v27.5 - https:\/\/yoast.com\/product\/yoast-seo-wordpress\/ -->\n<title>Mentions l\u00e9gales - Equilibre &amp; Harmonie by FD<\/title>\n<meta name=\"robots\" content=\"index, follow, max-snippet:-1, max-image-preview:large, max-video-preview:-1\" \/>\n<link rel=\"canonical\" href=\"https:\/\/equilibreetharmonie.fr\/index.php\/mentions-legales\/\" \/>\n<meta property=\"og:locale\" content=\"fr_FR\" \/>\n<meta property=\"og:type\" content=\"article\" \/>\n<meta property=\"og:title\" content=\"Mentions l\u00e9gales - Equilibre &amp; Harmonie by FD\" \/>\n<meta property=\"og:description\" content=\"Conform\u00e9ment aux dispositions des Articles\u00a06-III et 19 de la Loi n\u00b0\u00a02004-575 du 21\u00a0juin 2004 pour la Confiance dans l\u2019\u00e9conomie num\u00e9rique, dite L.C.E.N., il est port\u00e9 \u00e0 la connaissance des utilisateurs et visiteurs, ci-apr\u00e8s \u00ab\u00a0l\u2019Utilisateur\u00a0\u00bb, du site https:\/\/equilibreetharmonie.fr, ci-apr\u00e8s le \u00ab\u00a0Site\u00a0\u00bb, les pr\u00e9sentes mentions l\u00e9gales. La connexion et la navigation sur le Site par l\u2019Utilisateur impliquent...\" \/>\n<meta property=\"og:url\" content=\"https:\/\/equilibreetharmonie.fr\/index.php\/mentions-legales\/\" \/>\n<meta property=\"og:site_name\" content=\"Equilibre &amp; Harmonie by FD\" \/>\n<meta property=\"article:modified_time\" content=\"2025-06-10T08:44:42+00:00\" \/>\n<meta name=\"twitter:card\" content=\"summary_large_image\" \/>\n<meta name=\"twitter:label1\" content=\"Dur\u00e9e de lecture estim\u00e9e\" \/>\n\t<meta name=\"twitter:data1\" content=\"3 minutes\" \/>\n<script type=\"application\/ld+json\" class=\"yoast-schema-graph\">{\"@context\":\"https:\\\/\\\/schema.org\",\"@graph\":[{\"@type\":\"WebPage\",\"@id\":\"https:\\\/\\\/equilibreetharmonie.fr\\\/index.php\\\/mentions-legales\\\/\",\"url\":\"https:\\\/\\\/equilibreetharmonie.fr\\\/index.php\\\/mentions-legales\\\/\",\"name\":\"Mentions l\u00e9gales - Equilibre &amp; Harmonie by FD\",\"isPartOf\":{\"@id\":\"https:\\\/\\\/equilibreetharmonie.fr\\\/#website\"},\"datePublished\":\"2025-04-21T10:30:16+00:00\",\"dateModified\":\"2025-06-10T08:44:42+00:00\",\"breadcrumb\":{\"@id\":\"https:\\\/\\\/equilibreetharmonie.fr\\\/index.php\\\/mentions-legales\\\/#breadcrumb\"},\"inLanguage\":\"fr-FR\",\"potentialAction\":[{\"@type\":\"ReadAction\",\"target\":[\"https:\\\/\\\/equilibreetharmonie.fr\\\/index.php\\\/mentions-legales\\\/\"]}]},{\"@type\":\"BreadcrumbList\",\"@id\":\"https:\\\/\\\/equilibreetharmonie.fr\\\/index.php\\\/mentions-legales\\\/#breadcrumb\",\"itemListElement\":[{\"@type\":\"ListItem\",\"position\":1,\"name\":\"Accueil\",\"item\":\"https:\\\/\\\/equilibreetharmonie.fr\\\/\"},{\"@type\":\"ListItem\",\"position\":2,\"name\":\"Mentions l\u00e9gales\"}]},{\"@type\":\"WebSite\",\"@id\":\"https:\\\/\\\/equilibreetharmonie.fr\\\/#website\",\"url\":\"https:\\\/\\\/equilibreetharmonie.fr\\\/\",\"name\":\"Equilibre &amp; Harmonie by FD\",\"description\":\"\",\"potentialAction\":[{\"@type\":\"SearchAction\",\"target\":{\"@type\":\"EntryPoint\",\"urlTemplate\":\"https:\\\/\\\/equilibreetharmonie.fr\\\/?s={search_term_string}\"},\"query-input\":{\"@type\":\"PropertyValueSpecification\",\"valueRequired\":true,\"valueName\":\"search_term_string\"}}],\"inLanguage\":\"fr-FR\"}]}<\/script>\n<!-- \/ Yoast SEO plugin. -->","yoast_head_json":{"title":"Mentions l\u00e9gales - Equilibre &amp; Harmonie by FD","robots":{"index":"index","follow":"follow","max-snippet":"max-snippet:-1","max-image-preview":"max-image-preview:large","max-video-preview":"max-video-preview:-1"},"canonical":"https:\/\/equilibreetharmonie.fr\/index.php\/mentions-legales\/","og_locale":"fr_FR","og_type":"article","og_title":"Mentions l\u00e9gales - Equilibre &amp; Harmonie by FD","og_description":"Conform\u00e9ment aux dispositions des Articles\u00a06-III et 19 de la Loi n\u00b0\u00a02004-575 du 21\u00a0juin 2004 pour la Confiance dans l\u2019\u00e9conomie num\u00e9rique, dite L.C.E.N., il est port\u00e9 \u00e0 la connaissance des utilisateurs et visiteurs, ci-apr\u00e8s \u00ab\u00a0l\u2019Utilisateur\u00a0\u00bb, du site https:\/\/equilibreetharmonie.fr, ci-apr\u00e8s le \u00ab\u00a0Site\u00a0\u00bb, les pr\u00e9sentes mentions l\u00e9gales. La connexion et la navigation sur le Site par l\u2019Utilisateur impliquent...","og_url":"https:\/\/equilibreetharmonie.fr\/index.php\/mentions-legales\/","og_site_name":"Equilibre &amp; Harmonie by FD","article_modified_time":"2025-06-10T08:44:42+00:00","twitter_card":"summary_large_image","twitter_misc":{"Dur\u00e9e de lecture estim\u00e9e":"3 minutes"},"schema":{"@context":"https:\/\/schema.org","@graph":[{"@type":"WebPage","@id":"https:\/\/equilibreetharmonie.fr\/index.php\/mentions-legales\/","url":"https:\/\/equilibreetharmonie.fr\/index.php\/mentions-legales\/","name":"Mentions l\u00e9gales - Equilibre &amp; Harmonie by FD","isPartOf":{"@id":"https:\/\/equilibreetharmonie.fr\/#website"},"datePublished":"2025-04-21T10:30:16+00:00","dateModified":"2025-06-10T08:44:42+00:00","breadcrumb":{"@id":"https:\/\/equilibreetharmonie.fr\/index.php\/mentions-legales\/#breadcrumb"},"inLanguage":"fr-FR","potentialAction":[{"@type":"ReadAction","target":["https:\/\/equilibreetharmonie.fr\/index.php\/mentions-legales\/"]}]},{"@type":"BreadcrumbList","@id":"https:\/\/equilibreetharmonie.fr\/index.php\/mentions-legales\/#breadcrumb","itemListElement":[{"@type":"ListItem","position":1,"name":"Accueil","item":"https:\/\/equilibreetharmonie.fr\/"},{"@type":"ListItem","position":2,"name":"Mentions l\u00e9gales"}]},{"@type":"WebSite","@id":"https:\/\/equilibreetharmonie.fr\/#website","url":"https:\/\/equilibreetharmonie.fr\/","name":"Equilibre &amp; Harmonie by FD","description":"","potentialAction":[{"@type":"SearchAction","target":{"@type":"EntryPoint","urlTemplate":"https:\/\/equilibreetharmonie.fr\/?s={search_term_string}"},"query-input":{"@type":"PropertyValueSpecification","valueRequired":true,"valueName":"search_term_string"}}],"inLanguage":"fr-FR"}]}},"_links":{"self":[{"href":"https:\/\/equilibreetharmonie.fr\/index.php\/wp-json\/wp\/v2\/pages\/68","targetHints":{"allow":["GET"]}}],"collection":[{"href":"https:\/\/equilibreetharmonie.fr\/index.php\/wp-json\/wp\/v2\/pages"}],"about":[{"href":"https:\/\/equilibreetharmonie.fr\/index.php\/wp-json\/wp\/v2\/types\/page"}],"author":[{"embeddable":true,"href":"https:\/\/equilibreetharmonie.fr\/index.php\/wp-json\/wp\/v2\/users\/1"}],"replies":[{"embeddable":true,"href":"https:\/\/equilibreetharmonie.fr\/index.php\/wp-json\/wp\/v2\/comments?post=68"}],"version-history":[{"count":3,"href":"https:\/\/equilibreetharmonie.fr\/index.php\/wp-json\/wp\/v2\/pages\/68\/revisions"}],"predecessor-version":[{"id":264,"href":"https:\/\/equilibreetharmonie.fr\/index.php\/wp-json\/wp\/v2\/pages\/68\/revisions\/264"}],"wp:attachment":[{"href":"https:\/\/equilibreetharmonie.fr\/index.php\/wp-json\/wp\/v2\/media?parent=68"}],"curies":[{"name":"wp","href":"https:\/\/api.w.org\/{rel}","templated":true}]}}